{"id":28926,"date":"2025-01-21T13:41:31","date_gmt":"2025-01-21T12:41:31","guid":{"rendered":"https:\/\/herbastore.sk\/produkty\/nem-kategorizalt\/vegan-feherje-italkeverek-tasak\/"},"modified":"2025-03-14T16:47:30","modified_gmt":"2025-03-14T15:47:30","slug":"vegan-feherje-italkeverek-tasak","status":"publish","type":"product","link":"https:\/\/herbastore.sk\/hu\/termekek\/feherje-kiegeszitok\/vegan-feherje-italkeverek-tasak\/","title":{"rendered":"Veg\u00e1n feh\u00e9rje italkever\u00e9k &#8211; tasak"},"content":{"rendered":"<h2>Milyen el\u0151ny\u00f6kkel j\u00e1r a veg\u00e1n feh\u00e9rje italkever\u00e9k?<\/h2>\n<p>A veg\u00e1n feh\u00e9rjeital kever\u00e9k nagyszer\u0171 eszk\u00f6z az aj\u00e1nlott napi feh\u00e9rjebevitel el\u00e9r\u00e9s\u00e9hez. 100% veg\u00e1n, cukormentes, glut\u00e9nmentes \u00e9s tejmentes. 22 esszenci\u00e1lis vitamint \u00e9s \u00e1sv\u00e1nyi anyagot is tartalmaz \u2013 bele\u00e9rtve a kalciumot, a B12 \u00e9s D vitaminokat! Enyhe van\u00edlia \u00edz\u00e9vel ide\u00e1lis \u00f6sszetev\u0151 az eg\u00e9szs\u00e9ges s\u00fctem\u00e9nyekhez \u00e9s receptekhez.<\/p>\n<p>A feh\u00e9rj\u00e9kr\u0151l \u00e1ltal\u00e1ban ismert, hogy az \u00e9l\u0151 szervezetek \u00e9p\u00edt\u0151k\u00f6vei. K\u00fcl\u00f6nb\u00f6z\u0151 funkci\u00f3kat is ell\u00e1tnak a testben, bele\u00e9rtve az izomn\u00f6veked\u00e9shez val\u00f3 hozz\u00e1j\u00e1rul\u00e1st, valamint az izommennyis\u00e9g \u00e9s az eg\u00e9szs\u00e9ges csontok fenntart\u00e1s\u00e1t. Test\u00fcnk nem tudja t\u00e1rolni a feh\u00e9rj\u00e9ket, vagy \u00f6nmag\u00e1ban el\u0151\u00e1ll\u00edtani azokat, ez\u00e9rt minden nap elegend\u0151 feh\u00e9rj\u00e9t sz\u00fcks\u00e9ges bevinni az \u00e9trendben.<\/p>\n<p>Ezt az univerz\u00e1lis term\u00e9ket k\u00e9tf\u00e9lek\u00e9ppen fogyaszthatja. K\u00e9sz\u00edtse el \u00edzletes, alacsony kal\u00f3riatartalm\u00fa, magas feh\u00e9rjetartalm\u00fa \u00e9telk\u00e9nt a nap b\u00e1rmely szakasz\u00e1ban, vagy adja hozz\u00e1 a kedvenc <a href=\"https:\/\/herbastore.sk\/produkty\/vyvazene-jedlo\/formula-1-koktail\/\">Herbalife Formula 1 kokt\u00e9lj\u00e1hoz<\/a>, hogy nagyszer\u0171 kr\u00e9mes italt kapjon. Ez a term\u00e9k nem min\u0151s\u00fcl \u00e9tkez\u00e9st helyettes\u00edt\u0151 term\u00e9knek.<\/p>\n<h2>A legfontosabb el\u0151ny\u00f6k<\/h2>\n<p>Az akt\u00edv szem\u00e9lynek naponta legal\u00e1bb 0,8-1 g feh\u00e9rj\u00e9t sz\u00fcks\u00e9ges fogyasztania testt\u00f6meg-kilogrammonk\u00e9nt. P\u00e9ld\u00e1ul egy 100 kg s\u00faly\u00fa embernek naponta legal\u00e1bb 80-100 g feh\u00e9rj\u00e9t kell elfogyasztania. Egy 50 kg s\u00faly\u00fa n\u0151nek naponta 40-50 g feh\u00e9rj\u00e9t kell elfogyasztania.<\/p>\n<p>Test\u00fcnk nem tudja t\u00e1rolni a feh\u00e9rj\u00e9ket, vagy \u00f6nmag\u00e1ban el\u0151\u00e1ll\u00edtani azokat, ez\u00e9rt minden nap elegend\u0151 feh\u00e9rj\u00e9t sz\u00fcks\u00e9ges bevinni az \u00e9trendben.<\/p>\n<div class=\"row\"  id=\"row-1432321030\">\n\n\t<div id=\"col-424961029\" class=\"col medium-1\/2 large-6\"  >\n\t\t\t\t<div class=\"col-inner\"  >\n\t\t\t\n\t\t\t\n<ul>\n<li class=\"bullet-checkmark\">100% veg\u00e1n<\/li>\n<li class=\"bullet-checkmark\">Csak 109 kcal adagonk\u00e9nt<\/li>\n<li class=\"bullet-checkmark\">Adagonk\u00e9nt 15 g kiv\u00e1l\u00f3 min\u0151s\u00e9g\u0171 n\u00f6v\u00e9nyi feh\u00e9rj\u00e9t biztos\u00edt<\/li>\n<li class=\"bullet-checkmark\">20 adagot tartalmaz<\/li>\n<\/ul>\n\t\t<\/div>\n\t\t\t\t\t<\/div>\n\n\t\n\n\t<div id=\"col-1831959293\" class=\"col medium-1\/2 large-6\"  >\n\t\t\t\t<div class=\"col-inner\"  >\n\t\t\t\n\t\t\t\n<ul>\n<li class=\"bullet-checkmark\">Glut\u00e9nmentes, cukormentes \u00e9s tejmentes<\/li>\n<li class=\"bullet-checkmark\">22 kulcsfontoss\u00e1g\u00fa vitamin \u00e9s \u00e1sv\u00e1nyi anyag adagonk\u00e9nt<\/li>\n<li class=\"bullet-checkmark\">V\u00edzben elkeverhet\u0151<\/li>\n<li class=\"bullet-checkmark\">Finom van\u00edlia \u00edz\u0171<\/li>\n<\/ul>\n\t\t<\/div>\n\t\t\t\t\t<\/div>\n\n\t\n<\/div>\n<h2>Adagol\u00e1s<\/h2>\n<ol>\n<li><strong> Adja hozz\u00e1 kedvenc kokt\u00e9lj\u00e1hoz<\/strong><\/li>\n<\/ol>\n<p>Keverjen \u00f6ssze 1 ev\u0151kan\u00e1l feh\u00e9rjeital-kever\u00e9ket (14 g) k\u00e9t kan\u00e1l <span style=\"color: #7bc143;\">Formula 1 Shake-kel<\/span>, hogy kr\u00e9mes \u00e9s finom italt kapjon, amely tele van t\u00e1panyaggal. B\u00e1rmilyen \u00edzzel kombin\u00e1lhat\u00f3.<\/p>\n<ol start=\"2\">\n<li><strong> T\u00e1pl\u00e1l\u00f3, magas feh\u00e9rjetartalm\u00fa snackek<\/strong><\/li>\n<\/ol>\n<p>Keverjen \u00f6ssze k\u00e9t ev\u0151kan\u00e1l kever\u00e9ket (28 g) hideg v\u00edzzel, hogy \u00edzletes, magas feh\u00e9rjetartalm\u00fa, alacsony kal\u00f3riatartalm\u00fa snacket kapjon.<\/p>\n<p style=\"text-align: center;\"><a href=\"https:\/\/herbastore.sk\/wp-content\/uploads\/2025\/03\/vegan-feherje-Italkeverek-vanilia-7-tasak-441k.png\"><img decoding=\"async\" class=\"aligncenter wp-image-28176 size-full\" src=\"https:\/\/herbastore.sk\/wp-content\/uploads\/2025\/03\/vegan-feherje-Italkeverek-vanilia-7-tasak-441k.png\" alt=\"Herbalife Veg\u00e1n Feh\u00e9rje Italkever\u00e9k tasakok t\u00e1p\u00e9rt\u00e9ke\" width=\"600\" height=\"auto\"><\/a><\/p>\n<p style=\"text-align: center;\"><em>T\u00e1p\u00e9rt\u00e9k &#8211; Veg\u00e1n Feh\u00e9rje Italkever\u00e9k<\/em><\/p>\n","protected":false},"excerpt":{"rendered":"<p>7 x 28 g<\/p>\n<div class=\"is-divider divider clearfix\" ><\/div>\n<p>Ak\u00e1r veg\u00e1n, ak\u00e1r t\u00f6bb n\u00f6v\u00e9nyi alap\u00fa \u00e9telt pr\u00f3b\u00e1l enni, neh\u00e9z lehet elegend\u0151 mennyis\u00e9g\u0171 kulcsfontoss\u00e1g\u00fa t\u00e1panyaghoz, p\u00e9ld\u00e1ul feh\u00e9rj\u00e9hez, kalciumhoz, B12- \u00e9s D-vitaminhoz jutni. A veg\u00e1n feh\u00e9rjeital kever\u00e9k nagyszer\u0171 m\u00f3dja annak, hogy n\u00f6velje napi feh\u00e9rjebevitel\u00e9t. 100% veg\u00e1n, cukormentes, glut\u00e9nmentes \u00e9s tejmentes.<\/p>\n","protected":false},"featured_media":28172,"comment_status":"open","ping_status":"closed","template":"","meta":{"inline_featured_image":false},"product_brand":[],"product_cat":[376],"product_tag":[385],"class_list":{"0":"post-28926","1":"product","2":"type-product","3":"status-publish","4":"has-post-thumbnail","6":"product_cat-feherje-kiegeszitok","7":"product_tag-az-izomtomeg-novekedese","9":"first","10":"instock","11":"taxable","12":"shipping-taxable","13":"purchasable","14":"product-type-simple"},"yoast_head":"<!-- This site is optimized with the Yoast SEO plugin v26.8 - https:\/\/yoast.com\/product\/yoast-seo-wordpress\/ -->\n<title>Herbalife Veg\u00e1n feh\u00e9rje italkever\u00e9k - tasak 7 x 28 g - herbastore<\/title>\n<meta name=\"description\" content=\"A tasakokban l\u00e9v\u0151 veg\u00e1n feh\u00e9rjeital-kever\u00e9k nagyszer\u0171 m\u00f3dja annak, hogy n\u00f6velje napi feh\u00e9rjebevitel\u00e9t. 100% veg\u00e1n, cukor- \u00e9s glut\u00e9nmentes, valamint tejmentes.\" \/>\n<meta name=\"robots\" content=\"index, follow, max-snippet:-1, max-image-preview:large, max-video-preview:-1\" \/>\n<link rel=\"canonical\" href=\"https:\/\/herbastore.sk\/hu\/termekek\/feherje-kiegeszitok\/vegan-feherje-italkeverek-tasak\/\" \/>\n<meta property=\"og:locale\" content=\"hu_HU\" \/>\n<meta property=\"og:type\" content=\"article\" \/>\n<meta property=\"og:title\" content=\"Herbalife Veg\u00e1n feh\u00e9rje italkever\u00e9k - tasak 7 x 28 g - herbastore\" \/>\n<meta property=\"og:description\" content=\"A tasakokban l\u00e9v\u0151 veg\u00e1n feh\u00e9rjeital-kever\u00e9k nagyszer\u0171 m\u00f3dja annak, hogy n\u00f6velje napi feh\u00e9rjebevitel\u00e9t. 100% veg\u00e1n, cukor- \u00e9s glut\u00e9nmentes, valamint tejmentes.\" \/>\n<meta property=\"og:url\" content=\"https:\/\/herbastore.sk\/hu\/termekek\/feherje-kiegeszitok\/vegan-feherje-italkeverek-tasak\/\" \/>\n<meta property=\"og:site_name\" content=\"herbastore\" \/>\n<meta property=\"article:publisher\" content=\"https:\/\/www.facebook.com\/herbastoresk\/\" \/>\n<meta property=\"article:modified_time\" content=\"2025-03-14T15:47:30+00:00\" \/>\n<meta property=\"og:image\" content=\"https:\/\/herbastore.sk\/wp-content\/uploads\/2025\/02\/vegan-feherje-Italkeverek-vanilia-7-tasak.jpg\" \/>\n\t<meta property=\"og:image:width\" content=\"534\" \/>\n\t<meta property=\"og:image:height\" content=\"800\" \/>\n\t<meta property=\"og:image:type\" content=\"image\/jpeg\" \/>\n<meta name=\"twitter:card\" content=\"summary_large_image\" \/>\n<meta name=\"twitter:label1\" content=\"Becs\u00fclt olvas\u00e1si id\u0151\" \/>\n\t<meta name=\"twitter:data1\" content=\"2 perc\" \/>\n<script type=\"application\/ld+json\" class=\"yoast-schema-graph\">{\"@context\":\"https:\/\/schema.org\",\"@graph\":[{\"@type\":\"WebPage\",\"@id\":\"https:\/\/herbastore.sk\/hu\/termekek\/feherje-kiegeszitok\/vegan-feherje-italkeverek-tasak\/\",\"url\":\"https:\/\/herbastore.sk\/hu\/termekek\/feherje-kiegeszitok\/vegan-feherje-italkeverek-tasak\/\",\"name\":\"Herbalife Veg\u00e1n feh\u00e9rje italkever\u00e9k - tasak 7 x 28 g - herbastore\",\"isPartOf\":{\"@id\":\"https:\/\/herbastore.sk\/hu\/#website\"},\"primaryImageOfPage\":{\"@id\":\"https:\/\/herbastore.sk\/hu\/termekek\/feherje-kiegeszitok\/vegan-feherje-italkeverek-tasak\/#primaryimage\"},\"image\":{\"@id\":\"https:\/\/herbastore.sk\/hu\/termekek\/feherje-kiegeszitok\/vegan-feherje-italkeverek-tasak\/#primaryimage\"},\"thumbnailUrl\":\"https:\/\/herbastore.sk\/wp-content\/uploads\/2025\/02\/vegan-feherje-Italkeverek-vanilia-7-tasak.jpg\",\"datePublished\":\"2025-01-21T12:41:31+00:00\",\"dateModified\":\"2025-03-14T15:47:30+00:00\",\"description\":\"A tasakokban l\u00e9v\u0151 veg\u00e1n feh\u00e9rjeital-kever\u00e9k nagyszer\u0171 m\u00f3dja annak, hogy n\u00f6velje napi feh\u00e9rjebevitel\u00e9t. 100% veg\u00e1n, cukor- \u00e9s glut\u00e9nmentes, valamint tejmentes.\",\"breadcrumb\":{\"@id\":\"https:\/\/herbastore.sk\/hu\/termekek\/feherje-kiegeszitok\/vegan-feherje-italkeverek-tasak\/#breadcrumb\"},\"inLanguage\":\"hu\",\"potentialAction\":[{\"@type\":\"ReadAction\",\"target\":[\"https:\/\/herbastore.sk\/hu\/termekek\/feherje-kiegeszitok\/vegan-feherje-italkeverek-tasak\/\"]}]},{\"@type\":\"ImageObject\",\"inLanguage\":\"hu\",\"@id\":\"https:\/\/herbastore.sk\/hu\/termekek\/feherje-kiegeszitok\/vegan-feherje-italkeverek-tasak\/#primaryimage\",\"url\":\"https:\/\/herbastore.sk\/wp-content\/uploads\/2025\/02\/vegan-feherje-Italkeverek-vanilia-7-tasak.jpg\",\"contentUrl\":\"https:\/\/herbastore.sk\/wp-content\/uploads\/2025\/02\/vegan-feherje-Italkeverek-vanilia-7-tasak.jpg\",\"width\":534,\"height\":800,\"caption\":\"Veg\u00e1n Feh\u00e9rje Italkever\u00e9k tasak Van\u00edlia\"},{\"@type\":\"BreadcrumbList\",\"@id\":\"https:\/\/herbastore.sk\/hu\/termekek\/feherje-kiegeszitok\/vegan-feherje-italkeverek-tasak\/#breadcrumb\",\"itemListElement\":[{\"@type\":\"ListItem\",\"position\":1,\"name\":\"Home\",\"item\":\"https:\/\/herbastore.sk\/hu\/\"},{\"@type\":\"ListItem\",\"position\":2,\"name\":\"Term\u00e9kek\",\"item\":\"https:\/\/herbastore.sk\/hu\/termekek\/\"},{\"@type\":\"ListItem\",\"position\":3,\"name\":\"Veg\u00e1n feh\u00e9rje italkever\u00e9k &#8211; tasak\"}]},{\"@type\":\"WebSite\",\"@id\":\"https:\/\/herbastore.sk\/hu\/#website\",\"url\":\"https:\/\/herbastore.sk\/hu\/\",\"name\":\"herbastore\",\"description\":\"Produkty Herbalife z pohodlia v\u00e1\u0161ho domova\",\"publisher\":{\"@id\":\"https:\/\/herbastore.sk\/hu\/#organization\"},\"potentialAction\":[{\"@type\":\"SearchAction\",\"target\":{\"@type\":\"EntryPoint\",\"urlTemplate\":\"https:\/\/herbastore.sk\/hu\/?s={search_term_string}\"},\"query-input\":{\"@type\":\"PropertyValueSpecification\",\"valueRequired\":true,\"valueName\":\"search_term_string\"}}],\"inLanguage\":\"hu\"},{\"@type\":\"Organization\",\"@id\":\"https:\/\/herbastore.sk\/hu\/#organization\",\"name\":\"herbastore.sk\",\"url\":\"https:\/\/herbastore.sk\/hu\/\",\"logo\":{\"@type\":\"ImageObject\",\"inLanguage\":\"hu\",\"@id\":\"https:\/\/herbastore.sk\/hu\/#\/schema\/logo\/image\/\",\"url\":\"https:\/\/herbastore.sk\/wp-content\/uploads\/2018\/11\/herbastore-ikona.png\",\"contentUrl\":\"https:\/\/herbastore.sk\/wp-content\/uploads\/2018\/11\/herbastore-ikona.png\",\"width\":512,\"height\":512,\"caption\":\"herbastore.sk\"},\"image\":{\"@id\":\"https:\/\/herbastore.sk\/hu\/#\/schema\/logo\/image\/\"},\"sameAs\":[\"https:\/\/www.facebook.com\/herbastoresk\/\",\"https:\/\/www.instagram.com\/herbastore.sk\/\"]}]}<\/script>\n<!-- \/ Yoast SEO plugin. -->","yoast_head_json":{"title":"Herbalife Veg\u00e1n feh\u00e9rje italkever\u00e9k - tasak 7 x 28 g - herbastore","description":"A tasakokban l\u00e9v\u0151 veg\u00e1n feh\u00e9rjeital-kever\u00e9k nagyszer\u0171 m\u00f3dja annak, hogy n\u00f6velje napi feh\u00e9rjebevitel\u00e9t. 100% veg\u00e1n, cukor- \u00e9s glut\u00e9nmentes, valamint tejmentes.","robots":{"index":"index","follow":"follow","max-snippet":"max-snippet:-1","max-image-preview":"max-image-preview:large","max-video-preview":"max-video-preview:-1"},"canonical":"https:\/\/herbastore.sk\/hu\/termekek\/feherje-kiegeszitok\/vegan-feherje-italkeverek-tasak\/","og_locale":"hu_HU","og_type":"article","og_title":"Herbalife Veg\u00e1n feh\u00e9rje italkever\u00e9k - tasak 7 x 28 g - herbastore","og_description":"A tasakokban l\u00e9v\u0151 veg\u00e1n feh\u00e9rjeital-kever\u00e9k nagyszer\u0171 m\u00f3dja annak, hogy n\u00f6velje napi feh\u00e9rjebevitel\u00e9t. 100% veg\u00e1n, cukor- \u00e9s glut\u00e9nmentes, valamint tejmentes.","og_url":"https:\/\/herbastore.sk\/hu\/termekek\/feherje-kiegeszitok\/vegan-feherje-italkeverek-tasak\/","og_site_name":"herbastore","article_publisher":"https:\/\/www.facebook.com\/herbastoresk\/","article_modified_time":"2025-03-14T15:47:30+00:00","og_image":[{"width":534,"height":800,"url":"https:\/\/herbastore.sk\/wp-content\/uploads\/2025\/02\/vegan-feherje-Italkeverek-vanilia-7-tasak.jpg","type":"image\/jpeg"}],"twitter_card":"summary_large_image","twitter_misc":{"Becs\u00fclt olvas\u00e1si id\u0151":"2 perc"},"schema":{"@context":"https:\/\/schema.org","@graph":[{"@type":"WebPage","@id":"https:\/\/herbastore.sk\/hu\/termekek\/feherje-kiegeszitok\/vegan-feherje-italkeverek-tasak\/","url":"https:\/\/herbastore.sk\/hu\/termekek\/feherje-kiegeszitok\/vegan-feherje-italkeverek-tasak\/","name":"Herbalife Veg\u00e1n feh\u00e9rje italkever\u00e9k - tasak 7 x 28 g - herbastore","isPartOf":{"@id":"https:\/\/herbastore.sk\/hu\/#website"},"primaryImageOfPage":{"@id":"https:\/\/herbastore.sk\/hu\/termekek\/feherje-kiegeszitok\/vegan-feherje-italkeverek-tasak\/#primaryimage"},"image":{"@id":"https:\/\/herbastore.sk\/hu\/termekek\/feherje-kiegeszitok\/vegan-feherje-italkeverek-tasak\/#primaryimage"},"thumbnailUrl":"https:\/\/herbastore.sk\/wp-content\/uploads\/2025\/02\/vegan-feherje-Italkeverek-vanilia-7-tasak.jpg","datePublished":"2025-01-21T12:41:31+00:00","dateModified":"2025-03-14T15:47:30+00:00","description":"A tasakokban l\u00e9v\u0151 veg\u00e1n feh\u00e9rjeital-kever\u00e9k nagyszer\u0171 m\u00f3dja annak, hogy n\u00f6velje napi feh\u00e9rjebevitel\u00e9t. 100% veg\u00e1n, cukor- \u00e9s glut\u00e9nmentes, valamint tejmentes.","breadcrumb":{"@id":"https:\/\/herbastore.sk\/hu\/termekek\/feherje-kiegeszitok\/vegan-feherje-italkeverek-tasak\/#breadcrumb"},"inLanguage":"hu","potentialAction":[{"@type":"ReadAction","target":["https:\/\/herbastore.sk\/hu\/termekek\/feherje-kiegeszitok\/vegan-feherje-italkeverek-tasak\/"]}]},{"@type":"ImageObject","inLanguage":"hu","@id":"https:\/\/herbastore.sk\/hu\/termekek\/feherje-kiegeszitok\/vegan-feherje-italkeverek-tasak\/#primaryimage","url":"https:\/\/herbastore.sk\/wp-content\/uploads\/2025\/02\/vegan-feherje-Italkeverek-vanilia-7-tasak.jpg","contentUrl":"https:\/\/herbastore.sk\/wp-content\/uploads\/2025\/02\/vegan-feherje-Italkeverek-vanilia-7-tasak.jpg","width":534,"height":800,"caption":"Veg\u00e1n Feh\u00e9rje Italkever\u00e9k tasak Van\u00edlia"},{"@type":"BreadcrumbList","@id":"https:\/\/herbastore.sk\/hu\/termekek\/feherje-kiegeszitok\/vegan-feherje-italkeverek-tasak\/#breadcrumb","itemListElement":[{"@type":"ListItem","position":1,"name":"Home","item":"https:\/\/herbastore.sk\/hu\/"},{"@type":"ListItem","position":2,"name":"Term\u00e9kek","item":"https:\/\/herbastore.sk\/hu\/termekek\/"},{"@type":"ListItem","position":3,"name":"Veg\u00e1n feh\u00e9rje italkever\u00e9k &#8211; tasak"}]},{"@type":"WebSite","@id":"https:\/\/herbastore.sk\/hu\/#website","url":"https:\/\/herbastore.sk\/hu\/","name":"herbastore","description":"Produkty Herbalife z pohodlia v\u00e1\u0161ho domova","publisher":{"@id":"https:\/\/herbastore.sk\/hu\/#organization"},"potentialAction":[{"@type":"SearchAction","target":{"@type":"EntryPoint","urlTemplate":"https:\/\/herbastore.sk\/hu\/?s={search_term_string}"},"query-input":{"@type":"PropertyValueSpecification","valueRequired":true,"valueName":"search_term_string"}}],"inLanguage":"hu"},{"@type":"Organization","@id":"https:\/\/herbastore.sk\/hu\/#organization","name":"herbastore.sk","url":"https:\/\/herbastore.sk\/hu\/","logo":{"@type":"ImageObject","inLanguage":"hu","@id":"https:\/\/herbastore.sk\/hu\/#\/schema\/logo\/image\/","url":"https:\/\/herbastore.sk\/wp-content\/uploads\/2018\/11\/herbastore-ikona.png","contentUrl":"https:\/\/herbastore.sk\/wp-content\/uploads\/2018\/11\/herbastore-ikona.png","width":512,"height":512,"caption":"herbastore.sk"},"image":{"@id":"https:\/\/herbastore.sk\/hu\/#\/schema\/logo\/image\/"},"sameAs":["https:\/\/www.facebook.com\/herbastoresk\/","https:\/\/www.instagram.com\/herbastore.sk\/"]}]}},"_links":{"self":[{"href":"https:\/\/herbastore.sk\/hu\/wp-json\/wp\/v2\/product\/28926","targetHints":{"allow":["GET"]}}],"collection":[{"href":"https:\/\/herbastore.sk\/hu\/wp-json\/wp\/v2\/product"}],"about":[{"href":"https:\/\/herbastore.sk\/hu\/wp-json\/wp\/v2\/types\/product"}],"replies":[{"embeddable":true,"href":"https:\/\/herbastore.sk\/hu\/wp-json\/wp\/v2\/comments?post=28926"}],"wp:featuredmedia":[{"embeddable":true,"href":"https:\/\/herbastore.sk\/hu\/wp-json\/wp\/v2\/media\/28172"}],"wp:attachment":[{"href":"https:\/\/herbastore.sk\/hu\/wp-json\/wp\/v2\/media?parent=28926"}],"wp:term":[{"taxonomy":"product_brand","embeddable":true,"href":"https:\/\/herbastore.sk\/hu\/wp-json\/wp\/v2\/product_brand?post=28926"},{"taxonomy":"product_cat","embeddable":true,"href":"https:\/\/herbastore.sk\/hu\/wp-json\/wp\/v2\/product_cat?post=28926"},{"taxonomy":"product_tag","embeddable":true,"href":"https:\/\/herbastore.sk\/hu\/wp-json\/wp\/v2\/product_tag?post=28926"}],"curies":[{"name":"wp","href":"https:\/\/api.w.org\/{rel}","templated":true}]}}