{"id":28498,"date":"2019-02-02T16:49:13","date_gmt":"2025-02-14T20:01:57","guid":{"rendered":"https:\/\/herbastore.sk\/produkty\/nezaraden\u00e9\/feszesito-szemkornyekapolo-gel\/"},"modified":"2025-03-02T14:37:29","modified_gmt":"2025-03-02T13:37:29","slug":"feszesito-szemkornyekapolo-gel","status":"publish","type":"product","link":"https:\/\/herbastore.sk\/hu\/termekek\/herbalife-skin\/feszesito-szemkornyekapolo-gel\/","title":{"rendered":"Feszes\u00edt\u0151 szemk\u00f6rny\u00e9k\u00e1pol\u00f3 g\u00e9l"},"content":{"rendered":"<h2>Herbalife SKIN Feszes\u00edt\u0151 szemk\u00f6rny\u00e9k\u00e1pol\u00f3 g\u00e9l<\/h2>\n<p>Jellemz\u0151k \u00e9s hat\u00e1sok<\/p>\n<div class=\"row\"  id=\"row-1731916170\">\n\n\t<div id=\"col-1419394906\" class=\"col medium-1\/2 large-6\"  >\n\t\t\t\t<div class=\"col-inner\"  >\n\t\t\t\n\t\t\t\n<ul>\n<li class=\"bullet-checkmark\">Jav\u00edtja az \u00e9rz\u00e9keny szemk\u00f6rny\u00e9ken l\u00e9v\u0151 b\u0151r megjelen\u00e9s\u00e9t a b\u0151r feszess\u00e9g\u00e9nek \u00e9s <strong>rugalmass\u00e1g\u00e1nak<\/strong> n\u00f6vel\u00e9s\u00e9vel*<\/li>\n<li class=\"bullet-checkmark\">Feszesebb\u00e9 teszi a szem k\u00f6rny\u00e9k\u00e9t<strong>* <\/strong> <\/li>\n<li class=\"bullet-checkmark\">Praktikus csomagol\u00e1s palackos szivatty\u00faval<\/li>\n<\/ul>\n\t\t<\/div>\n\t\t\t\t\t<\/div>\n\n\t\n\n\t<div id=\"col-872612960\" class=\"col medium-1\/2 large-6\"  >\n\t\t\t\t<div class=\"col-inner\"  >\n\t\t\t\n\t\t\t\n<ul>\n<li class=\"bullet-checkmark\">A revitaliz\u00e1l\u00f3 uborka kivonatnak k\u00f6sz\u00f6nhet\u0151en a szemk\u00f6rny\u00e9ket is seg\u00edti, amelynek el\u0151nyei sz\u00e9les k\u00f6rben ismertek<\/li>\n<li class=\"bullet-checkmark\">Minden <strong>b\u0151rt\u00edpusra<\/strong> alkalmas<\/li>\n<li class=\"bullet-checkmark\">Nem tartalmaz hozz\u00e1adott parab\u00e9nt, b\u0151rgy\u00f3gy\u00e1szatilag tesztelt<\/li>\n<\/ul>\n\t\t<\/div>\n\t\t\t\t\t<\/div>\n\n\t\n<\/div>\n<h2>\u00d6sszetev\u0151k<\/h2>\n<p>Egyed\u00fcl\u00e1ll\u00f3 formula, amely sz\u00e1mos term\u00e9szetes \u00f6sszetev\u0151t tartalmaz, amelyek nemcsak kiv\u00e1l\u00f3 min\u0151s\u00e9g\u0171ek, hanem rendk\u00edv\u00fcl hat\u00e9konyak is:<\/p>\n<ul>\n<li class=\"bullet-arrow\">E- \u00e9s C-vitamin \u2013 fiatal\u00edt\u00f3 \u00e9s antioxid\u00e1ns hat\u00e1s\u00fa<\/li>\n<li class=\"bullet-arrow\">B3-vitamin<\/li>\n<li class=\"bullet-arrow\">Aloe Vera \u2013 puh\u00edtja, hidrat\u00e1lja \u00e9s megnyugtatja a b\u0151rt<\/li>\n<li class=\"bullet-arrow\">Uborka kivonat<\/li>\n<\/ul>\n<h2>Haszn\u00e1lat<\/h2>\n<p>Tov\u00e1bbi inform\u00e1ci\u00f3k\u00e9rt \u00e9s gyakorlati tippek\u00e9rt l\u00e1togasson el a kiz\u00e1r\u00f3lag <a href=\"https:\/\/herbastore.sk\/hu\/herbalife-skin-kerdesek-es-valaszok\/\">a Herbalife SKIN term\u00e9kcsal\u00e1dunknak szentelt aloldalra<\/a><\/p>\n<ul>\n<li class=\"bullet-arrow\">Haszn\u00e1lja a feszes\u00edt\u0151 szemg\u00e9lt reggel \u00e9s este<\/li>\n<li class=\"bullet-arrow\">Alkalmazza az arc probl\u00e9m\u00e1s ter\u00fcleteire<\/li>\n<li class=\"bullet-arrow\"><a href=\"https:\/\/herbastore.sk\/hu\/termekek\/herbalife-skin\/taplalo-nappali-krem\/\">Folyatassa a napi rutint hidrat\u00e1l\u00f3val<\/a><\/li>\n<\/ul>\n<p><strong>*<\/strong> Az alanyok a b\u0151r erej\u00e9t \u00e9s rugalmass\u00e1g\u00e1t tesztelt\u00e9k, vizu\u00e1lis szakember m\u00e9rte, \u00e9s h\u00e9t napos \u00e9s 42 napos id\u0151k\u00f6z\u00f6nk\u00e9nt \u00e9rt\u00e9kelt\u00e9k. Az alanyok 85% -a \u00e9szrevehet\u0151 javul\u00e1st mutatott a szem alatti feszess\u00e9gben \/ rugalmass\u00e1gban 42 napon bel\u00fcl.<\/p>\n","protected":false},"excerpt":{"rendered":"<p>15 ml<\/p>\n<div class=\"is-divider divider clearfix\" ><\/div>\n<p>Felejtsd el a puffad\u00e1st \u00e9s a szem k\u00f6r\u00fcli b\u0151r cs\u00fanya megjelen\u00e9s\u00e9t. A Herbalife SKIN term\u00e9kcsal\u00e1d minden b\u0151rt\u00edpusra alkalmas feszes\u00edt\u0151 szemk\u00f6rny\u00e9k\u00e1pol\u00f3 g\u00e9lje a b\u0151r feszess\u00e9g\u00e9nek \u00e9s rugalmass\u00e1g\u00e1nak n\u00f6vel\u00e9s\u00e9vel jav\u00edtja az \u00e9rz\u00e9keny szemk\u00f6rny\u00e9kek megjelen\u00e9s\u00e9t.<\/p>\n","protected":false},"featured_media":28499,"comment_status":"open","ping_status":"closed","template":"","meta":{"inline_featured_image":false},"product_brand":[],"product_cat":[375],"product_tag":[384],"class_list":{"0":"post-28498","1":"product","2":"type-product","3":"status-publish","4":"has-post-thumbnail","6":"product_cat-herbalife-skin","7":"product_tag-a-bor-es-haj-jobb-allapota","9":"first","10":"instock","11":"taxable","12":"shipping-taxable","13":"purchasable","14":"product-type-simple"},"yoast_head":"<!-- This site is optimized with the Yoast SEO plugin v26.8 - https:\/\/yoast.com\/product\/yoast-seo-wordpress\/ -->\n<title>Herbalife SKIN Feszes\u00edt\u0151 szemk\u00f6rny\u00e9k\u00e1pol\u00f3 g\u00e9l 15 ml - herbastore<\/title>\n<meta name=\"description\" content=\"Felejtsd el a puffad\u00e1st \u00e9s a szem k\u00f6r\u00fcli b\u0151r cs\u00fanya megjelen\u00e9s\u00e9t. Szemg\u00e9l uborka kivonattal minden b\u0151rt\u00edpusra alkalmas. B\u0151rgy\u00f3gy\u00e1szatilag tesztelt.\" \/>\n<meta name=\"robots\" content=\"index, follow, max-snippet:-1, max-image-preview:large, max-video-preview:-1\" \/>\n<link rel=\"canonical\" href=\"https:\/\/herbastore.sk\/hu\/termekek\/herbalife-skin\/feszesito-szemkornyekapolo-gel\/\" \/>\n<meta property=\"og:locale\" content=\"hu_HU\" \/>\n<meta property=\"og:type\" content=\"article\" \/>\n<meta property=\"og:title\" content=\"Herbalife SKIN Feszes\u00edt\u0151 szemk\u00f6rny\u00e9k\u00e1pol\u00f3 g\u00e9l 15 ml - herbastore\" \/>\n<meta property=\"og:description\" content=\"Felejtsd el a puffad\u00e1st \u00e9s a szem k\u00f6r\u00fcli b\u0151r cs\u00fanya megjelen\u00e9s\u00e9t. Szemg\u00e9l uborka kivonattal minden b\u0151rt\u00edpusra alkalmas. B\u0151rgy\u00f3gy\u00e1szatilag tesztelt.\" \/>\n<meta property=\"og:url\" content=\"https:\/\/herbastore.sk\/hu\/termekek\/herbalife-skin\/feszesito-szemkornyekapolo-gel\/\" \/>\n<meta property=\"og:site_name\" content=\"herbastore\" \/>\n<meta property=\"article:publisher\" content=\"https:\/\/www.facebook.com\/herbastoresk\/\" \/>\n<meta property=\"article:modified_time\" content=\"2025-03-02T13:37:29+00:00\" \/>\n<meta property=\"og:image\" content=\"https:\/\/herbastore.sk\/wp-content\/uploads\/2025\/02\/herbalife-skin-feszesito-szemkornyekapolo-gel-15ml.jpg\" \/>\n\t<meta property=\"og:image:width\" content=\"534\" \/>\n\t<meta property=\"og:image:height\" content=\"800\" \/>\n\t<meta property=\"og:image:type\" content=\"image\/jpeg\" \/>\n<meta name=\"twitter:card\" content=\"summary_large_image\" \/>\n<meta name=\"twitter:label1\" content=\"Becs\u00fclt olvas\u00e1si id\u0151\" \/>\n\t<meta name=\"twitter:data1\" content=\"1 perc\" \/>\n<script type=\"application\/ld+json\" class=\"yoast-schema-graph\">{\"@context\":\"https:\/\/schema.org\",\"@graph\":[{\"@type\":\"WebPage\",\"@id\":\"https:\/\/herbastore.sk\/hu\/termekek\/herbalife-skin\/feszesito-szemkornyekapolo-gel\/\",\"url\":\"https:\/\/herbastore.sk\/hu\/termekek\/herbalife-skin\/feszesito-szemkornyekapolo-gel\/\",\"name\":\"Herbalife SKIN Feszes\u00edt\u0151 szemk\u00f6rny\u00e9k\u00e1pol\u00f3 g\u00e9l 15 ml - herbastore\",\"isPartOf\":{\"@id\":\"https:\/\/herbastore.sk\/hu\/#website\"},\"primaryImageOfPage\":{\"@id\":\"https:\/\/herbastore.sk\/hu\/termekek\/herbalife-skin\/feszesito-szemkornyekapolo-gel\/#primaryimage\"},\"image\":{\"@id\":\"https:\/\/herbastore.sk\/hu\/termekek\/herbalife-skin\/feszesito-szemkornyekapolo-gel\/#primaryimage\"},\"thumbnailUrl\":\"https:\/\/herbastore.sk\/wp-content\/uploads\/2025\/02\/herbalife-skin-feszesito-szemkornyekapolo-gel-15ml.jpg\",\"datePublished\":\"2025-02-14T20:01:57+00:00\",\"dateModified\":\"2025-03-02T13:37:29+00:00\",\"description\":\"Felejtsd el a puffad\u00e1st \u00e9s a szem k\u00f6r\u00fcli b\u0151r cs\u00fanya megjelen\u00e9s\u00e9t. Szemg\u00e9l uborka kivonattal minden b\u0151rt\u00edpusra alkalmas. B\u0151rgy\u00f3gy\u00e1szatilag tesztelt.\",\"breadcrumb\":{\"@id\":\"https:\/\/herbastore.sk\/hu\/termekek\/herbalife-skin\/feszesito-szemkornyekapolo-gel\/#breadcrumb\"},\"inLanguage\":\"hu\",\"potentialAction\":[{\"@type\":\"ReadAction\",\"target\":[\"https:\/\/herbastore.sk\/hu\/termekek\/herbalife-skin\/feszesito-szemkornyekapolo-gel\/\"]}]},{\"@type\":\"ImageObject\",\"inLanguage\":\"hu\",\"@id\":\"https:\/\/herbastore.sk\/hu\/termekek\/herbalife-skin\/feszesito-szemkornyekapolo-gel\/#primaryimage\",\"url\":\"https:\/\/herbastore.sk\/wp-content\/uploads\/2025\/02\/herbalife-skin-feszesito-szemkornyekapolo-gel-15ml.jpg\",\"contentUrl\":\"https:\/\/herbastore.sk\/wp-content\/uploads\/2025\/02\/herbalife-skin-feszesito-szemkornyekapolo-gel-15ml.jpg\",\"width\":534,\"height\":800,\"caption\":\"Herbalife SKIN Feszes\u00edt\u0151 Szemk\u00f6rny\u00e9k\u00e1pol\u00f3 G\u00e9l\"},{\"@type\":\"BreadcrumbList\",\"@id\":\"https:\/\/herbastore.sk\/hu\/termekek\/herbalife-skin\/feszesito-szemkornyekapolo-gel\/#breadcrumb\",\"itemListElement\":[{\"@type\":\"ListItem\",\"position\":1,\"name\":\"Home\",\"item\":\"https:\/\/herbastore.sk\/hu\/\"},{\"@type\":\"ListItem\",\"position\":2,\"name\":\"Term\u00e9kek\",\"item\":\"https:\/\/herbastore.sk\/hu\/termekek\/\"},{\"@type\":\"ListItem\",\"position\":3,\"name\":\"Feszes\u00edt\u0151 szemk\u00f6rny\u00e9k\u00e1pol\u00f3 g\u00e9l\"}]},{\"@type\":\"WebSite\",\"@id\":\"https:\/\/herbastore.sk\/hu\/#website\",\"url\":\"https:\/\/herbastore.sk\/hu\/\",\"name\":\"herbastore\",\"description\":\"Produkty Herbalife z pohodlia v\u00e1\u0161ho domova\",\"publisher\":{\"@id\":\"https:\/\/herbastore.sk\/hu\/#organization\"},\"potentialAction\":[{\"@type\":\"SearchAction\",\"target\":{\"@type\":\"EntryPoint\",\"urlTemplate\":\"https:\/\/herbastore.sk\/hu\/?s={search_term_string}\"},\"query-input\":{\"@type\":\"PropertyValueSpecification\",\"valueRequired\":true,\"valueName\":\"search_term_string\"}}],\"inLanguage\":\"hu\"},{\"@type\":\"Organization\",\"@id\":\"https:\/\/herbastore.sk\/hu\/#organization\",\"name\":\"herbastore.sk\",\"url\":\"https:\/\/herbastore.sk\/hu\/\",\"logo\":{\"@type\":\"ImageObject\",\"inLanguage\":\"hu\",\"@id\":\"https:\/\/herbastore.sk\/hu\/#\/schema\/logo\/image\/\",\"url\":\"https:\/\/herbastore.sk\/wp-content\/uploads\/2018\/11\/herbastore-ikona.png\",\"contentUrl\":\"https:\/\/herbastore.sk\/wp-content\/uploads\/2018\/11\/herbastore-ikona.png\",\"width\":512,\"height\":512,\"caption\":\"herbastore.sk\"},\"image\":{\"@id\":\"https:\/\/herbastore.sk\/hu\/#\/schema\/logo\/image\/\"},\"sameAs\":[\"https:\/\/www.facebook.com\/herbastoresk\/\",\"https:\/\/www.instagram.com\/herbastore.sk\/\"]}]}<\/script>\n<!-- \/ Yoast SEO plugin. -->","yoast_head_json":{"title":"Herbalife SKIN Feszes\u00edt\u0151 szemk\u00f6rny\u00e9k\u00e1pol\u00f3 g\u00e9l 15 ml - herbastore","description":"Felejtsd el a puffad\u00e1st \u00e9s a szem k\u00f6r\u00fcli b\u0151r cs\u00fanya megjelen\u00e9s\u00e9t. Szemg\u00e9l uborka kivonattal minden b\u0151rt\u00edpusra alkalmas. B\u0151rgy\u00f3gy\u00e1szatilag tesztelt.","robots":{"index":"index","follow":"follow","max-snippet":"max-snippet:-1","max-image-preview":"max-image-preview:large","max-video-preview":"max-video-preview:-1"},"canonical":"https:\/\/herbastore.sk\/hu\/termekek\/herbalife-skin\/feszesito-szemkornyekapolo-gel\/","og_locale":"hu_HU","og_type":"article","og_title":"Herbalife SKIN Feszes\u00edt\u0151 szemk\u00f6rny\u00e9k\u00e1pol\u00f3 g\u00e9l 15 ml - herbastore","og_description":"Felejtsd el a puffad\u00e1st \u00e9s a szem k\u00f6r\u00fcli b\u0151r cs\u00fanya megjelen\u00e9s\u00e9t. Szemg\u00e9l uborka kivonattal minden b\u0151rt\u00edpusra alkalmas. B\u0151rgy\u00f3gy\u00e1szatilag tesztelt.","og_url":"https:\/\/herbastore.sk\/hu\/termekek\/herbalife-skin\/feszesito-szemkornyekapolo-gel\/","og_site_name":"herbastore","article_publisher":"https:\/\/www.facebook.com\/herbastoresk\/","article_modified_time":"2025-03-02T13:37:29+00:00","og_image":[{"width":534,"height":800,"url":"https:\/\/herbastore.sk\/wp-content\/uploads\/2025\/02\/herbalife-skin-feszesito-szemkornyekapolo-gel-15ml.jpg","type":"image\/jpeg"}],"twitter_card":"summary_large_image","twitter_misc":{"Becs\u00fclt olvas\u00e1si id\u0151":"1 perc"},"schema":{"@context":"https:\/\/schema.org","@graph":[{"@type":"WebPage","@id":"https:\/\/herbastore.sk\/hu\/termekek\/herbalife-skin\/feszesito-szemkornyekapolo-gel\/","url":"https:\/\/herbastore.sk\/hu\/termekek\/herbalife-skin\/feszesito-szemkornyekapolo-gel\/","name":"Herbalife SKIN Feszes\u00edt\u0151 szemk\u00f6rny\u00e9k\u00e1pol\u00f3 g\u00e9l 15 ml - herbastore","isPartOf":{"@id":"https:\/\/herbastore.sk\/hu\/#website"},"primaryImageOfPage":{"@id":"https:\/\/herbastore.sk\/hu\/termekek\/herbalife-skin\/feszesito-szemkornyekapolo-gel\/#primaryimage"},"image":{"@id":"https:\/\/herbastore.sk\/hu\/termekek\/herbalife-skin\/feszesito-szemkornyekapolo-gel\/#primaryimage"},"thumbnailUrl":"https:\/\/herbastore.sk\/wp-content\/uploads\/2025\/02\/herbalife-skin-feszesito-szemkornyekapolo-gel-15ml.jpg","datePublished":"2025-02-14T20:01:57+00:00","dateModified":"2025-03-02T13:37:29+00:00","description":"Felejtsd el a puffad\u00e1st \u00e9s a szem k\u00f6r\u00fcli b\u0151r cs\u00fanya megjelen\u00e9s\u00e9t. Szemg\u00e9l uborka kivonattal minden b\u0151rt\u00edpusra alkalmas. B\u0151rgy\u00f3gy\u00e1szatilag tesztelt.","breadcrumb":{"@id":"https:\/\/herbastore.sk\/hu\/termekek\/herbalife-skin\/feszesito-szemkornyekapolo-gel\/#breadcrumb"},"inLanguage":"hu","potentialAction":[{"@type":"ReadAction","target":["https:\/\/herbastore.sk\/hu\/termekek\/herbalife-skin\/feszesito-szemkornyekapolo-gel\/"]}]},{"@type":"ImageObject","inLanguage":"hu","@id":"https:\/\/herbastore.sk\/hu\/termekek\/herbalife-skin\/feszesito-szemkornyekapolo-gel\/#primaryimage","url":"https:\/\/herbastore.sk\/wp-content\/uploads\/2025\/02\/herbalife-skin-feszesito-szemkornyekapolo-gel-15ml.jpg","contentUrl":"https:\/\/herbastore.sk\/wp-content\/uploads\/2025\/02\/herbalife-skin-feszesito-szemkornyekapolo-gel-15ml.jpg","width":534,"height":800,"caption":"Herbalife SKIN Feszes\u00edt\u0151 Szemk\u00f6rny\u00e9k\u00e1pol\u00f3 G\u00e9l"},{"@type":"BreadcrumbList","@id":"https:\/\/herbastore.sk\/hu\/termekek\/herbalife-skin\/feszesito-szemkornyekapolo-gel\/#breadcrumb","itemListElement":[{"@type":"ListItem","position":1,"name":"Home","item":"https:\/\/herbastore.sk\/hu\/"},{"@type":"ListItem","position":2,"name":"Term\u00e9kek","item":"https:\/\/herbastore.sk\/hu\/termekek\/"},{"@type":"ListItem","position":3,"name":"Feszes\u00edt\u0151 szemk\u00f6rny\u00e9k\u00e1pol\u00f3 g\u00e9l"}]},{"@type":"WebSite","@id":"https:\/\/herbastore.sk\/hu\/#website","url":"https:\/\/herbastore.sk\/hu\/","name":"herbastore","description":"Produkty Herbalife z pohodlia v\u00e1\u0161ho domova","publisher":{"@id":"https:\/\/herbastore.sk\/hu\/#organization"},"potentialAction":[{"@type":"SearchAction","target":{"@type":"EntryPoint","urlTemplate":"https:\/\/herbastore.sk\/hu\/?s={search_term_string}"},"query-input":{"@type":"PropertyValueSpecification","valueRequired":true,"valueName":"search_term_string"}}],"inLanguage":"hu"},{"@type":"Organization","@id":"https:\/\/herbastore.sk\/hu\/#organization","name":"herbastore.sk","url":"https:\/\/herbastore.sk\/hu\/","logo":{"@type":"ImageObject","inLanguage":"hu","@id":"https:\/\/herbastore.sk\/hu\/#\/schema\/logo\/image\/","url":"https:\/\/herbastore.sk\/wp-content\/uploads\/2018\/11\/herbastore-ikona.png","contentUrl":"https:\/\/herbastore.sk\/wp-content\/uploads\/2018\/11\/herbastore-ikona.png","width":512,"height":512,"caption":"herbastore.sk"},"image":{"@id":"https:\/\/herbastore.sk\/hu\/#\/schema\/logo\/image\/"},"sameAs":["https:\/\/www.facebook.com\/herbastoresk\/","https:\/\/www.instagram.com\/herbastore.sk\/"]}]}},"_links":{"self":[{"href":"https:\/\/herbastore.sk\/hu\/wp-json\/wp\/v2\/product\/28498","targetHints":{"allow":["GET"]}}],"collection":[{"href":"https:\/\/herbastore.sk\/hu\/wp-json\/wp\/v2\/product"}],"about":[{"href":"https:\/\/herbastore.sk\/hu\/wp-json\/wp\/v2\/types\/product"}],"replies":[{"embeddable":true,"href":"https:\/\/herbastore.sk\/hu\/wp-json\/wp\/v2\/comments?post=28498"}],"wp:featuredmedia":[{"embeddable":true,"href":"https:\/\/herbastore.sk\/hu\/wp-json\/wp\/v2\/media\/28499"}],"wp:attachment":[{"href":"https:\/\/herbastore.sk\/hu\/wp-json\/wp\/v2\/media?parent=28498"}],"wp:term":[{"taxonomy":"product_brand","embeddable":true,"href":"https:\/\/herbastore.sk\/hu\/wp-json\/wp\/v2\/product_brand?post=28498"},{"taxonomy":"product_cat","embeddable":true,"href":"https:\/\/herbastore.sk\/hu\/wp-json\/wp\/v2\/product_cat?post=28498"},{"taxonomy":"product_tag","embeddable":true,"href":"https:\/\/herbastore.sk\/hu\/wp-json\/wp\/v2\/product_tag?post=28498"}],"curies":[{"name":"wp","href":"https:\/\/api.w.org\/{rel}","templated":true}]}}